{"id":6686,"date":"2023-08-10T14:12:56","date_gmt":"2023-08-10T12:12:56","guid":{"rendered":"https:\/\/festivaldelavelocidad.com\/politica-de-cookies\/"},"modified":"2026-03-07T15:51:26","modified_gmt":"2026-03-07T14:51:26","slug":"politica-de-cookies","status":"publish","type":"page","link":"https:\/\/festivaldelavelocidad.com\/ca\/politica-de-cookies\/","title":{"rendered":"Pol\u00edtica de cookies"},"content":{"rendered":"\t\t<div data-elementor-type=\"wp-page\" data-elementor-id=\"6686\" class=\"elementor elementor-6686 elementor-5535\" data-elementor-post-type=\"page\">\n\t\t\t\t\t\t<section class=\"elementor-section elementor-top-section elementor-element elementor-element-17580c3 elementor-section-full_width elementor-section-height-default elementor-section-height-default\" data-id=\"17580c3\" data-element_type=\"section\" data-settings=\"{&quot;background_background&quot;:&quot;classic&quot;}\">\n\t\t\t\t\t\t\t<div class=\"elementor-background-overlay\"><\/div>\n\t\t\t\t\t\t\t<div class=\"elementor-container elementor-column-gap-no\">\n\t\t\t\t\t<div class=\"elementor-column elementor-col-100 elementor-top-column elementor-element elementor-element-cc1b1b6\" data-id=\"cc1b1b6\" data-element_type=\"column\">\n\t\t\t<div class=\"elementor-widget-wrap elementor-element-populated\">\n\t\t\t\t\t\t<section class=\"elementor-section elementor-inner-section elementor-element elementor-element-0c035fa elementor-section-boxed elementor-section-height-default elementor-section-height-default\" data-id=\"0c035fa\" data-element_type=\"section\">\n\t\t\t\t\t\t<div class=\"elementor-container elementor-column-gap-default\">\n\t\t\t\t\t<div class=\"elementor-column elementor-col-100 elementor-inner-column elementor-element elementor-element-591aa93\" data-id=\"591aa93\" data-element_type=\"column\">\n\t\t\t<div class=\"elementor-widget-wrap elementor-element-populated\">\n\t\t\t\t\t\t<div class=\"elementor-element elementor-element-4e50e03 elementor-widget elementor-widget-heading\" data-id=\"4e50e03\" data-element_type=\"widget\" data-widget_type=\"heading.default\">\n\t\t\t\t<div class=\"elementor-widget-container\">\n\t\t\t\t\t<h3 class=\"elementor-heading-title elementor-size-default\">Pol\u00edtica de cookies<\/h3>\t\t\t\t<\/div>\n\t\t\t\t<\/div>\n\t\t\t\t\t<\/div>\n\t\t<\/div>\n\t\t\t\t\t<\/div>\n\t\t<\/section>\n\t\t\t\t\t<\/div>\n\t\t<\/div>\n\t\t\t\t\t<\/div>\n\t\t<\/section>\n\t\t\t\t<section class=\"elementor-section elementor-top-section elementor-element elementor-element-44982a6 elementor-section-boxed elementor-section-height-default elementor-section-height-default\" data-id=\"44982a6\" data-element_type=\"section\">\n\t\t\t\t\t\t<div class=\"elementor-container elementor-column-gap-default\">\n\t\t\t\t\t<div class=\"elementor-column elementor-col-100 elementor-top-column elementor-element elementor-element-9543609\" data-id=\"9543609\" data-element_type=\"column\">\n\t\t\t<div class=\"elementor-widget-wrap elementor-element-populated\">\n\t\t\t\t\t\t<div class=\"elementor-element elementor-element-069db7a elementor-widget elementor-widget-text-editor\" data-id=\"069db7a\" data-element_type=\"widget\" data-widget_type=\"text-editor.default\">\n\t\t\t\t<div class=\"elementor-widget-container\">\n\t\t\t\t\t\t\t\t\t<p>Una galeta \u00e9s un petit fitxer de text que s&#8217;emmagatzema al vostre navegador quan visita gaireb\u00e9 qualsevol p\u00e0gina web. La seva utilitat \u00e9s que la web sigui capa\u00e7 de recordar la vostra visita quan torneu a navegar per aquesta p\u00e0gina. Les cookies solen emmagatzemar informaci\u00f3 de car\u00e0cter t\u00e8cnic, prefer\u00e8ncies personals, personalitzaci\u00f3 de continguts, estad\u00edstiques d\u00fas, enlla\u00e7os a xarxes socials, acc\u00e9s a comptes dusuari, etc. L&#8217;objectiu de la galeta \u00e9s adaptar el contingut de la web al seu perfil i necessitats, sense galetes els serveis oferts per qualsevol p\u00e0gina es veurien minvats notablement. Si voleu consultar m\u00e9s informaci\u00f3 sobre qu\u00e8 s\u00f3n les galetes, qu\u00e8 emmagatzemen, com eliminar-les, desactivar-les, etc.,<a href=\"https:\/\/festivaldelavelocidad.com\/ca\/mas-informacion-sobre-las-cookies\/\">us preguem que us dirigiu a aquest enlla\u00e7<\/a>.<\/p>\n<h2>Cookies utilitzades en aquest lloc web<\/h2>\n<p>Seguint les directrius de l&#8217;Ag\u00e8ncia Espanyola de Protecci\u00f3 de Dades procedim a detallar l&#8217;\u00fas de cookies que fa aquesta web per tal d&#8217;informar-vos amb la m\u00e0xima exactitud possible.<\/p>\n<p>Aquest lloc web utilitza les cookies pr\u00f2pies:<\/p>\n<ul>\n<li>Cookies de sessi\u00f3, per garantir que els usuaris que escriguin comentaris al bloc siguin humans i no aplicacions automatitzades. D&#8217;aquesta manera es combat el correu brossa.<\/li>\n<\/ul>\n<p>Aquest lloc web utilitza les cookies de tercers seg\u00fcents:<\/p>\n<ul>\n<li>Google Analytics: Emmagatzema cookies per poder elaborar estad\u00edstiques sobre el tr\u00e0nsit i el volum de visites d&#8217;aquesta web. En utilitzar aquest lloc web est\u00e0 consentint el tractament dinformaci\u00f3 sobre vost\u00e8 per Google. Per tant, l&#8217;exercici de qualsevol dret en aquest sentit ho haur\u00e0 de fer comunicant directament amb Google.<\/li>\n<li>Xarxes socials: Cada xarxa social utilitza les seves pr\u00f2pies galetes perqu\u00e8 pugueu punxar en botons del tipus M&#8217;agrada o Compartir.<\/li>\n<\/ul>\n<p>&nbsp;<\/p>\n<h2>Desactivaci\u00f3 o eliminaci\u00f3 de cookies<\/h2>\n<p>En qualsevol moment podreu exercir el vostre dret de desactivaci\u00f3 o eliminaci\u00f3 de cookies d&#8217;aquest lloc web. Aquestes accions es realitzen de manera diferent en funci\u00f3 del navegador que utilitzeu. <a href=\"https:\/\/festivaldelavelocidad.com\/mas-informacion-sobre-las-cookies\/#navegadores\">Aqu\u00ed us deixem una guia r\u00e0pida per als navegadors m\u00e9s populars<\/a>.<\/p>\n<h2>Notes addicionals<\/h2>\n<ul>\n<li>Ni aquesta web ni els seus representants legals es fan responsables ni del contingut ni de la veracitat de les pol\u00edtiques de privadesa que puguin tenir els tercers esmentats en aquesta pol\u00edtica de cookies.<\/li>\n<li>Els navegadors web s\u00f3n les eines encarregades d&#8217;emmagatzemar les galetes i des d&#8217;aquest lloc ha d&#8217;efectuar el dret a eliminar-lo o desactivar-lo. Ni aquesta web ni els seus representants legals poden garantir la correcta o incorrecta manipulaci\u00f3 de les cookies per part dels navegadors esmentats.<\/li>\n<li>En alguns casos \u00e9s necessari instal\u00b7lar cookies perqu\u00e8 el navegador no oblidi la seva decisi\u00f3 de no acceptar-les.<\/li>\n<li>En el cas de les galetes de Google Analytics, aquesta empresa emmagatzema les galetes en servidors ubicats als Estats Units i es compromet a no compartir-la amb tercers, excepte en els casos en qu\u00e8 sigui necessari per al funcionament del sistema o quan la llei obligui a aquest efecte. Segons Google no desa la vostra adre\u00e7a IP. Google Inc. \u00e9s una companyia adherida a l&#8217;Acord de Port Segur que garanteix que totes les dades transferides seran tractades amb un nivell de protecci\u00f3 d&#8217;acord amb la normativa europea. Podeu consultar informaci\u00f3 detallada en aquest enlla\u00e7. Si voleu informaci\u00f3 sobre l&#8217;\u00fas que Google d\u00f3na a les cookies us adjuntem aquest altre enlla\u00e7.<\/li>\n<li>Per a qualsevol dubte o consulta sobre aquesta pol\u00edtica de cookies no dubteu a comunicar-vos amb nosaltres a trav\u00e9s de la secci\u00f3 de contacte.<\/li>\n<\/ul>\n\t\t\t\t\t\t\t\t<\/div>\n\t\t\t\t<\/div>\n\t\t\t\t\t<\/div>\n\t\t<\/div>\n\t\t\t\t\t<\/div>\n\t\t<\/section>\n\t\t\t\t<section class=\"elementor-section elementor-top-section elementor-element elementor-element-2a74b5b elementor-section-boxed elementor-section-height-default elementor-section-height-default\" data-id=\"2a74b5b\" data-element_type=\"section\">\n\t\t\t\t\t\t<div class=\"elementor-container elementor-column-gap-default\">\n\t\t\t\t\t<div class=\"elementor-column elementor-col-100 elementor-top-column elementor-element elementor-element-4961605\" data-id=\"4961605\" data-element_type=\"column\">\n\t\t\t<div class=\"elementor-widget-wrap elementor-element-populated\">\n\t\t\t\t\t\t<div class=\"elementor-element elementor-element-e584557 elementor-widget elementor-widget-image\" data-id=\"e584557\" data-element_type=\"widget\" data-widget_type=\"image.default\">\n\t\t\t\t<div class=\"elementor-widget-container\">\n\t\t\t\t\t\t\t\t\t\t\t\t\t\t\t<img decoding=\"async\" width=\"800\" height=\"48\" src=\"https:\/\/festivaldelavelocidad.com\/wp-content\/uploads\/2026\/02\/2026_GTWC_SponsorsStrip_OFFICIAL_POS-1024x62.png\" class=\"attachment-large size-large wp-image-9970\" alt=\"\" srcset=\"https:\/\/festivaldelavelocidad.com\/wp-content\/uploads\/2026\/02\/2026_GTWC_SponsorsStrip_OFFICIAL_POS-1024x62.png 1024w, https:\/\/festivaldelavelocidad.com\/wp-content\/uploads\/2026\/02\/2026_GTWC_SponsorsStrip_OFFICIAL_POS-300x18.png 300w, https:\/\/festivaldelavelocidad.com\/wp-content\/uploads\/2026\/02\/2026_GTWC_SponsorsStrip_OFFICIAL_POS-768x46.png 768w, https:\/\/festivaldelavelocidad.com\/wp-content\/uploads\/2026\/02\/2026_GTWC_SponsorsStrip_OFFICIAL_POS-1536x92.png 1536w, https:\/\/festivaldelavelocidad.com\/wp-content\/uploads\/2026\/02\/2026_GTWC_SponsorsStrip_OFFICIAL_POS-2048x123.png 2048w\" sizes=\"(max-width: 800px) 100vw, 800px\" \/>\t\t\t\t\t\t\t\t\t\t\t\t\t\t\t<\/div>\n\t\t\t\t<\/div>\n\t\t\t\t\t<\/div>\n\t\t<\/div>\n\t\t\t\t\t<\/div>\n\t\t<\/section>\n\t\t\t\t<\/div>\n\t\t","protected":false},"excerpt":{"rendered":"<p>Una galeta \u00e9s un petit fitxer de text que s&#8217;emmagatzema al vostre navegador quan visita gaireb\u00e9 qualsevol p\u00e0gina web. La seva utilitat \u00e9s que la web sigui capa\u00e7 de recordar la vostra visita quan torneu a navegar per aquesta p\u00e0gina. Les cookies solen emmagatzemar informaci\u00f3 de car\u00e0cter t\u00e8cnic, prefer\u00e8ncies personals, personalitzaci\u00f3 de continguts, estad\u00edstiques d\u00fas, [&hellip;]<\/p>\n","protected":false},"author":4,"featured_media":0,"parent":0,"menu_order":0,"comment_status":"closed","ping_status":"closed","template":"","meta":{"footnotes":""},"class_list":["post-6686","page","type-page","status-publish","hentry"],"yoast_head":"<!-- This site is optimized with the Yoast SEO plugin v26.4 - https:\/\/yoast.com\/wordpress\/plugins\/seo\/ -->\n<title>Pol\u00edtica de cookies - Festival de la Velocitat<\/title>\n<meta name=\"description\" content=\"Una galeta \u00e9s un petit fitxer de text que s&#039;emmagatzema al vostre navegador quan visita gaireb\u00e9 qualsevol p\u00e0gina web. La seva utilitat \u00e9s que la web sigui\" \/>\n<meta name=\"robots\" content=\"index, follow, max-snippet:-1, max-image-preview:large, max-video-preview:-1\" \/>\n<link rel=\"canonical\" href=\"https:\/\/festivaldelavelocidad.com\/ca\/politica-de-cookies\/\" \/>\n<meta property=\"og:locale\" content=\"ca_ES\" \/>\n<meta property=\"og:type\" content=\"article\" \/>\n<meta property=\"og:title\" content=\"Pol\u00edtica de cookies - Festival de la Velocitat\" \/>\n<meta property=\"og:description\" content=\"Una galeta \u00e9s un petit fitxer de text que s&#039;emmagatzema al vostre navegador quan visita gaireb\u00e9 qualsevol p\u00e0gina web. La seva utilitat \u00e9s que la web sigui\" \/>\n<meta property=\"og:url\" content=\"https:\/\/festivaldelavelocidad.com\/ca\/politica-de-cookies\/\" \/>\n<meta property=\"og:site_name\" content=\"Festival de la Velocitat\" \/>\n<meta property=\"article:publisher\" content=\"https:\/\/www.facebook.com\/FestivalDeLaVelocidadDeBarcelona\" \/>\n<meta property=\"article:modified_time\" content=\"2026-03-07T14:51:26+00:00\" \/>\n<meta property=\"og:image\" content=\"https:\/\/festivaldelavelocidad.com\/wp-content\/uploads\/2026\/02\/2026_GTWC_SponsorsStrip_OFFICIAL_POS-scaled.png\" \/>\n\t<meta property=\"og:image:width\" content=\"2560\" \/>\n\t<meta property=\"og:image:height\" content=\"154\" \/>\n\t<meta property=\"og:image:type\" content=\"image\/png\" \/>\n<meta name=\"twitter:card\" content=\"summary_large_image\" \/>\n<meta name=\"twitter:site\" content=\"@FVelocidadBcn\" \/>\n<script type=\"application\/ld+json\" class=\"yoast-schema-graph\">{\"@context\":\"https:\/\/schema.org\",\"@graph\":[{\"@type\":\"WebPage\",\"@id\":\"https:\/\/festivaldelavelocidad.com\/ca\/politica-de-cookies\/\",\"url\":\"https:\/\/festivaldelavelocidad.com\/ca\/politica-de-cookies\/\",\"name\":\"Pol\u00edtica de cookies - Festival de la Velocitat\",\"isPartOf\":{\"@id\":\"https:\/\/festivaldelavelocidad.com\/ca\/#website\"},\"primaryImageOfPage\":{\"@id\":\"https:\/\/festivaldelavelocidad.com\/ca\/politica-de-cookies\/#primaryimage\"},\"image\":{\"@id\":\"https:\/\/festivaldelavelocidad.com\/ca\/politica-de-cookies\/#primaryimage\"},\"thumbnailUrl\":\"https:\/\/festivaldelavelocidad.com\/wp-content\/uploads\/2026\/02\/2026_GTWC_SponsorsStrip_OFFICIAL_POS-1024x62.png\",\"datePublished\":\"2023-08-10T12:12:56+00:00\",\"dateModified\":\"2026-03-07T14:51:26+00:00\",\"description\":\"Una galeta \u00e9s un petit fitxer de text que s'emmagatzema al vostre navegador quan visita gaireb\u00e9 qualsevol p\u00e0gina web. La seva utilitat \u00e9s que la web sigui\",\"breadcrumb\":{\"@id\":\"https:\/\/festivaldelavelocidad.com\/ca\/politica-de-cookies\/#breadcrumb\"},\"inLanguage\":\"ca\",\"potentialAction\":[{\"@type\":\"ReadAction\",\"target\":[\"https:\/\/festivaldelavelocidad.com\/ca\/politica-de-cookies\/\"]}]},{\"@type\":\"ImageObject\",\"inLanguage\":\"ca\",\"@id\":\"https:\/\/festivaldelavelocidad.com\/ca\/politica-de-cookies\/#primaryimage\",\"url\":\"https:\/\/festivaldelavelocidad.com\/wp-content\/uploads\/2026\/02\/2026_GTWC_SponsorsStrip_OFFICIAL_POS-1024x62.png\",\"contentUrl\":\"https:\/\/festivaldelavelocidad.com\/wp-content\/uploads\/2026\/02\/2026_GTWC_SponsorsStrip_OFFICIAL_POS-1024x62.png\"},{\"@type\":\"BreadcrumbList\",\"@id\":\"https:\/\/festivaldelavelocidad.com\/ca\/politica-de-cookies\/#breadcrumb\",\"itemListElement\":[{\"@type\":\"ListItem\",\"position\":1,\"name\":\"Portada\",\"item\":\"https:\/\/festivaldelavelocidad.com\/ca\/\"},{\"@type\":\"ListItem\",\"position\":2,\"name\":\"Pol\u00edtica de cookies\"}]},{\"@type\":\"WebSite\",\"@id\":\"https:\/\/festivaldelavelocidad.com\/ca\/#website\",\"url\":\"https:\/\/festivaldelavelocidad.com\/ca\/\",\"name\":\"Festival de la Velocidad de Barcelona\",\"description\":\"Benvingut al Festival de la Velocitat de Barcelona. Curses GT, cars exclusius, exhibicions, proves d'acceleraci\u00f3 i molt m\u00e9s. Arranquem motors!\",\"publisher\":{\"@id\":\"https:\/\/festivaldelavelocidad.com\/ca\/#organization\"},\"alternateName\":\"Festival de la Velocidad\",\"potentialAction\":[{\"@type\":\"SearchAction\",\"target\":{\"@type\":\"EntryPoint\",\"urlTemplate\":\"https:\/\/festivaldelavelocidad.com\/ca\/?s={search_term_string}\"},\"query-input\":{\"@type\":\"PropertyValueSpecification\",\"valueRequired\":true,\"valueName\":\"search_term_string\"}}],\"inLanguage\":\"ca\"},{\"@type\":\"Organization\",\"@id\":\"https:\/\/festivaldelavelocidad.com\/ca\/#organization\",\"name\":\"Festival de la Velocitat de Barcelona\",\"alternateName\":\"Festival de la Velocidad\",\"url\":\"https:\/\/festivaldelavelocidad.com\/ca\/\",\"logo\":{\"@type\":\"ImageObject\",\"inLanguage\":\"ca\",\"@id\":\"https:\/\/festivaldelavelocidad.com\/ca\/#\/schema\/logo\/image\/\",\"url\":\"https:\/\/festivaldelavelocidad.com\/wp-content\/uploads\/2025\/06\/favicon.jpg\",\"contentUrl\":\"https:\/\/festivaldelavelocidad.com\/wp-content\/uploads\/2025\/06\/favicon.jpg\",\"width\":500,\"height\":500,\"caption\":\"Festival de la Velocitat de Barcelona\"},\"image\":{\"@id\":\"https:\/\/festivaldelavelocidad.com\/ca\/#\/schema\/logo\/image\/\"},\"sameAs\":[\"https:\/\/www.facebook.com\/FestivalDeLaVelocidadDeBarcelona\",\"https:\/\/x.com\/FVelocidadBcn\",\"https:\/\/www.instagram.com\/festivaldelavelocidadbarcelona\/\",\"https:\/\/www.youtube.com\/channel\/UCcV4SSJZIDvC7r4_Lw_iR_w\",\"https:\/\/www.flickr.com\/photos\/182288549@N06\/albums\"]}]}<\/script>\n<!-- \/ Yoast SEO plugin. -->","yoast_head_json":{"title":"Pol\u00edtica de cookies - Festival de la Velocitat","description":"Una galeta \u00e9s un petit fitxer de text que s'emmagatzema al vostre navegador quan visita gaireb\u00e9 qualsevol p\u00e0gina web. La seva utilitat \u00e9s que la web sigui","robots":{"index":"index","follow":"follow","max-snippet":"max-snippet:-1","max-image-preview":"max-image-preview:large","max-video-preview":"max-video-preview:-1"},"canonical":"https:\/\/festivaldelavelocidad.com\/ca\/politica-de-cookies\/","og_locale":"ca_ES","og_type":"article","og_title":"Pol\u00edtica de cookies - Festival de la Velocitat","og_description":"Una galeta \u00e9s un petit fitxer de text que s'emmagatzema al vostre navegador quan visita gaireb\u00e9 qualsevol p\u00e0gina web. La seva utilitat \u00e9s que la web sigui","og_url":"https:\/\/festivaldelavelocidad.com\/ca\/politica-de-cookies\/","og_site_name":"Festival de la Velocitat","article_publisher":"https:\/\/www.facebook.com\/FestivalDeLaVelocidadDeBarcelona","article_modified_time":"2026-03-07T14:51:26+00:00","og_image":[{"width":2560,"height":154,"url":"https:\/\/festivaldelavelocidad.com\/wp-content\/uploads\/2026\/02\/2026_GTWC_SponsorsStrip_OFFICIAL_POS-scaled.png","type":"image\/png"}],"twitter_card":"summary_large_image","twitter_site":"@FVelocidadBcn","schema":{"@context":"https:\/\/schema.org","@graph":[{"@type":"WebPage","@id":"https:\/\/festivaldelavelocidad.com\/ca\/politica-de-cookies\/","url":"https:\/\/festivaldelavelocidad.com\/ca\/politica-de-cookies\/","name":"Pol\u00edtica de cookies - Festival de la Velocitat","isPartOf":{"@id":"https:\/\/festivaldelavelocidad.com\/ca\/#website"},"primaryImageOfPage":{"@id":"https:\/\/festivaldelavelocidad.com\/ca\/politica-de-cookies\/#primaryimage"},"image":{"@id":"https:\/\/festivaldelavelocidad.com\/ca\/politica-de-cookies\/#primaryimage"},"thumbnailUrl":"https:\/\/festivaldelavelocidad.com\/wp-content\/uploads\/2026\/02\/2026_GTWC_SponsorsStrip_OFFICIAL_POS-1024x62.png","datePublished":"2023-08-10T12:12:56+00:00","dateModified":"2026-03-07T14:51:26+00:00","description":"Una galeta \u00e9s un petit fitxer de text que s'emmagatzema al vostre navegador quan visita gaireb\u00e9 qualsevol p\u00e0gina web. La seva utilitat \u00e9s que la web sigui","breadcrumb":{"@id":"https:\/\/festivaldelavelocidad.com\/ca\/politica-de-cookies\/#breadcrumb"},"inLanguage":"ca","potentialAction":[{"@type":"ReadAction","target":["https:\/\/festivaldelavelocidad.com\/ca\/politica-de-cookies\/"]}]},{"@type":"ImageObject","inLanguage":"ca","@id":"https:\/\/festivaldelavelocidad.com\/ca\/politica-de-cookies\/#primaryimage","url":"https:\/\/festivaldelavelocidad.com\/wp-content\/uploads\/2026\/02\/2026_GTWC_SponsorsStrip_OFFICIAL_POS-1024x62.png","contentUrl":"https:\/\/festivaldelavelocidad.com\/wp-content\/uploads\/2026\/02\/2026_GTWC_SponsorsStrip_OFFICIAL_POS-1024x62.png"},{"@type":"BreadcrumbList","@id":"https:\/\/festivaldelavelocidad.com\/ca\/politica-de-cookies\/#breadcrumb","itemListElement":[{"@type":"ListItem","position":1,"name":"Portada","item":"https:\/\/festivaldelavelocidad.com\/ca\/"},{"@type":"ListItem","position":2,"name":"Pol\u00edtica de cookies"}]},{"@type":"WebSite","@id":"https:\/\/festivaldelavelocidad.com\/ca\/#website","url":"https:\/\/festivaldelavelocidad.com\/ca\/","name":"Festival de la Velocidad de Barcelona","description":"Benvingut al Festival de la Velocitat de Barcelona. Curses GT, cars exclusius, exhibicions, proves d'acceleraci\u00f3 i molt m\u00e9s. Arranquem motors!","publisher":{"@id":"https:\/\/festivaldelavelocidad.com\/ca\/#organization"},"alternateName":"Festival de la Velocidad","potentialAction":[{"@type":"SearchAction","target":{"@type":"EntryPoint","urlTemplate":"https:\/\/festivaldelavelocidad.com\/ca\/?s={search_term_string}"},"query-input":{"@type":"PropertyValueSpecification","valueRequired":true,"valueName":"search_term_string"}}],"inLanguage":"ca"},{"@type":"Organization","@id":"https:\/\/festivaldelavelocidad.com\/ca\/#organization","name":"Festival de la Velocitat de Barcelona","alternateName":"Festival de la Velocidad","url":"https:\/\/festivaldelavelocidad.com\/ca\/","logo":{"@type":"ImageObject","inLanguage":"ca","@id":"https:\/\/festivaldelavelocidad.com\/ca\/#\/schema\/logo\/image\/","url":"https:\/\/festivaldelavelocidad.com\/wp-content\/uploads\/2025\/06\/favicon.jpg","contentUrl":"https:\/\/festivaldelavelocidad.com\/wp-content\/uploads\/2025\/06\/favicon.jpg","width":500,"height":500,"caption":"Festival de la Velocitat de Barcelona"},"image":{"@id":"https:\/\/festivaldelavelocidad.com\/ca\/#\/schema\/logo\/image\/"},"sameAs":["https:\/\/www.facebook.com\/FestivalDeLaVelocidadDeBarcelona","https:\/\/x.com\/FVelocidadBcn","https:\/\/www.instagram.com\/festivaldelavelocidadbarcelona\/","https:\/\/www.youtube.com\/channel\/UCcV4SSJZIDvC7r4_Lw_iR_w","https:\/\/www.flickr.com\/photos\/182288549@N06\/albums"]}]}},"_links":{"self":[{"href":"https:\/\/festivaldelavelocidad.com\/ca\/wp-json\/wp\/v2\/pages\/6686","targetHints":{"allow":["GET"]}}],"collection":[{"href":"https:\/\/festivaldelavelocidad.com\/ca\/wp-json\/wp\/v2\/pages"}],"about":[{"href":"https:\/\/festivaldelavelocidad.com\/ca\/wp-json\/wp\/v2\/types\/page"}],"author":[{"embeddable":true,"href":"https:\/\/festivaldelavelocidad.com\/ca\/wp-json\/wp\/v2\/users\/4"}],"replies":[{"embeddable":true,"href":"https:\/\/festivaldelavelocidad.com\/ca\/wp-json\/wp\/v2\/comments?post=6686"}],"version-history":[{"count":4,"href":"https:\/\/festivaldelavelocidad.com\/ca\/wp-json\/wp\/v2\/pages\/6686\/revisions"}],"predecessor-version":[{"id":10076,"href":"https:\/\/festivaldelavelocidad.com\/ca\/wp-json\/wp\/v2\/pages\/6686\/revisions\/10076"}],"wp:attachment":[{"href":"https:\/\/festivaldelavelocidad.com\/ca\/wp-json\/wp\/v2\/media?parent=6686"}],"curies":[{"name":"wp","href":"https:\/\/api.w.org\/{rel}","templated":true}]}}