{"id":6694,"date":"2023-12-12T12:23:22","date_gmt":"2023-12-12T11:23:22","guid":{"rendered":"https:\/\/festivaldelavelocidad.com\/declaracio-daccessibilitat-per-al-festival-de-la-velocitat\/"},"modified":"2026-03-07T15:47:30","modified_gmt":"2026-03-07T14:47:30","slug":"declaracio-daccessibilitat-per-al-festival-de-la-velocitat","status":"publish","type":"page","link":"https:\/\/festivaldelavelocidad.com\/ca\/declaracio-daccessibilitat-per-al-festival-de-la-velocitat\/","title":{"rendered":"Declaraci\u00f3 d&#8217;Accessibilitat per al Festival de la Velocidad"},"content":{"rendered":"\t\t<div data-elementor-type=\"wp-page\" data-elementor-id=\"6694\" class=\"elementor elementor-6694 elementor-6455\" data-elementor-post-type=\"page\">\n\t\t\t\t\t\t<section class=\"elementor-section elementor-top-section elementor-element elementor-element-26b70a3 elementor-section-full_width elementor-section-height-default elementor-section-height-default\" data-id=\"26b70a3\" data-element_type=\"section\" data-settings=\"{&quot;background_background&quot;:&quot;classic&quot;}\">\n\t\t\t\t\t\t\t<div class=\"elementor-background-overlay\"><\/div>\n\t\t\t\t\t\t\t<div class=\"elementor-container elementor-column-gap-no\">\n\t\t\t\t\t<div class=\"elementor-column elementor-col-100 elementor-top-column elementor-element elementor-element-add40cd\" data-id=\"add40cd\" data-element_type=\"column\">\n\t\t\t<div class=\"elementor-widget-wrap elementor-element-populated\">\n\t\t\t\t\t\t<section class=\"elementor-section elementor-inner-section elementor-element elementor-element-6f5a17c elementor-section-boxed elementor-section-height-default elementor-section-height-default\" data-id=\"6f5a17c\" data-element_type=\"section\">\n\t\t\t\t\t\t<div class=\"elementor-container elementor-column-gap-default\">\n\t\t\t\t\t<div class=\"elementor-column elementor-col-100 elementor-inner-column elementor-element elementor-element-423c890\" data-id=\"423c890\" data-element_type=\"column\">\n\t\t\t<div class=\"elementor-widget-wrap elementor-element-populated\">\n\t\t\t\t\t\t<div class=\"elementor-element elementor-element-2cc2240 elementor-widget elementor-widget-heading\" data-id=\"2cc2240\" data-element_type=\"widget\" data-widget_type=\"heading.default\">\n\t\t\t\t<div class=\"elementor-widget-container\">\n\t\t\t\t\t<h3 class=\"elementor-heading-title elementor-size-default\">Declaraci\u00f3 d&#8217;Accessibilitat per al Festival de la Velocidad<\/h3>\t\t\t\t<\/div>\n\t\t\t\t<\/div>\n\t\t\t\t\t<\/div>\n\t\t<\/div>\n\t\t\t\t\t<\/div>\n\t\t<\/section>\n\t\t\t\t\t<\/div>\n\t\t<\/div>\n\t\t\t\t\t<\/div>\n\t\t<\/section>\n\t\t\t\t<section class=\"elementor-section elementor-top-section elementor-element elementor-element-086a3f7 elementor-section-boxed elementor-section-height-default elementor-section-height-default\" data-id=\"086a3f7\" data-element_type=\"section\">\n\t\t\t\t\t\t<div class=\"elementor-container elementor-column-gap-default\">\n\t\t\t\t\t<div class=\"elementor-column elementor-col-100 elementor-top-column elementor-element elementor-element-b579a38\" data-id=\"b579a38\" data-element_type=\"column\">\n\t\t\t<div class=\"elementor-widget-wrap elementor-element-populated\">\n\t\t\t\t\t\t<div class=\"elementor-element elementor-element-51f6bfd elementor-widget elementor-widget-text-editor\" data-id=\"51f6bfd\" data-element_type=\"widget\" data-widget_type=\"text-editor.default\">\n\t\t\t\t<div class=\"elementor-widget-container\">\n\t\t\t\t\t\t\t\t\t<p>A festivaldelavelocidad.com, estem compromesos a fer que la nostra p\u00e0gina web sigui accessible per a tothom, incloent-hi les persones amb discapacitats. Reconeixem la import\u00e0ncia de proporcionar un lloc web que sigui inclusiu i f\u00e0cil dutilitzar per a tots els usuaris.<\/p>\n<h3><strong>Mesures per donar suport a l&#8217;accessibilitat<\/strong><\/h3>\n<p>Festivaldelavelocitat.com ha pres les seg\u00fcents mesures per garantir l&#8217;accessibilitat del nostre lloc web:<\/p>\n<ul>\n<li>Hem incl\u00f2s text alternatiu per a totes les imatges i contingut visual per assistir els usuaris de lectors de pantalla.<\/li>\n<li>Hem estructurat el nostre lloc web amb titulars clars i coherents per facilitar la navegaci\u00f3.<\/li>\n<li>El nostre lloc web \u00e9s completament navegable utilitzant nom\u00e9s el teclat.<\/li>\n<li>Hem assegurat que tots els colors i fonts siguin llegibles i proporcionin suficient contrast.<\/li>\n<li>El nostre lloc web \u00e9s compatible amb totes les tecnologies d&#8217;assist\u00e8ncia comunes, incloent-hi lectors de pantalla, magnificadors de pantalla i programari de reconeixement de veu.<\/li>\n<\/ul>\n<h3><\/h3>\n<h3>Feedback<\/h3>\n<p>Apreciem els vostres comentaris sobre com podem millorar l&#8217;accessibilitat del nostre lloc web. Si tens dificultats per accedir a qualsevol contingut de festivaldelavelocidad.com, o si tens suggeriments sobre com podem millorar la nostra accessibilitat, si us plau contacta&#8217;ns a info@targaiberia.com.<\/p>\n<p>Data de la declaraci\u00f3 d&#8217;accessibilitat<\/p>\n<p>Aquesta declaraci\u00f3 daccessibilitat va ser actualitzada per \u00faltima vegada el 10\/09\/2023.<\/p>\n\t\t\t\t\t\t\t\t<\/div>\n\t\t\t\t<\/div>\n\t\t\t\t\t<\/div>\n\t\t<\/div>\n\t\t\t\t\t<\/div>\n\t\t<\/section>\n\t\t\t\t<section class=\"elementor-section elementor-top-section elementor-element elementor-element-9adc7d6 elementor-section-boxed elementor-section-height-default elementor-section-height-default\" data-id=\"9adc7d6\" data-element_type=\"section\">\n\t\t\t\t\t\t<div class=\"elementor-container elementor-column-gap-default\">\n\t\t\t\t\t<div class=\"elementor-column elementor-col-100 elementor-top-column elementor-element elementor-element-7e5e411\" data-id=\"7e5e411\" data-element_type=\"column\">\n\t\t\t<div class=\"elementor-widget-wrap elementor-element-populated\">\n\t\t\t\t\t\t<div class=\"elementor-element elementor-element-4648bd4 elementor-widget elementor-widget-image\" data-id=\"4648bd4\" data-element_type=\"widget\" data-widget_type=\"image.default\">\n\t\t\t\t<div class=\"elementor-widget-container\">\n\t\t\t\t\t\t\t\t\t\t\t\t\t\t\t<img decoding=\"async\" width=\"800\" height=\"48\" src=\"https:\/\/festivaldelavelocidad.com\/wp-content\/uploads\/2026\/02\/2026_GTWC_SponsorsStrip_OFFICIAL_POS-1024x62.png\" class=\"attachment-large size-large wp-image-9970\" alt=\"\" srcset=\"https:\/\/festivaldelavelocidad.com\/wp-content\/uploads\/2026\/02\/2026_GTWC_SponsorsStrip_OFFICIAL_POS-1024x62.png 1024w, https:\/\/festivaldelavelocidad.com\/wp-content\/uploads\/2026\/02\/2026_GTWC_SponsorsStrip_OFFICIAL_POS-300x18.png 300w, https:\/\/festivaldelavelocidad.com\/wp-content\/uploads\/2026\/02\/2026_GTWC_SponsorsStrip_OFFICIAL_POS-768x46.png 768w, https:\/\/festivaldelavelocidad.com\/wp-content\/uploads\/2026\/02\/2026_GTWC_SponsorsStrip_OFFICIAL_POS-1536x92.png 1536w, https:\/\/festivaldelavelocidad.com\/wp-content\/uploads\/2026\/02\/2026_GTWC_SponsorsStrip_OFFICIAL_POS-2048x123.png 2048w\" sizes=\"(max-width: 800px) 100vw, 800px\" \/>\t\t\t\t\t\t\t\t\t\t\t\t\t\t\t<\/div>\n\t\t\t\t<\/div>\n\t\t\t\t\t<\/div>\n\t\t<\/div>\n\t\t\t\t\t<\/div>\n\t\t<\/section>\n\t\t\t\t<\/div>\n\t\t","protected":false},"excerpt":{"rendered":"<p>A festivaldelavelocidad.com, estem compromesos a fer que la nostra p\u00e0gina web sigui accessible per a tothom, incloent-hi les persones amb discapacitats. Reconeixem la import\u00e0ncia de proporcionar un lloc web que sigui inclusiu i f\u00e0cil dutilitzar per a tots els usuaris. Mesures per donar suport a l&#8217;accessibilitat Festivaldelavelocitat.com ha pres les seg\u00fcents mesures per garantir l&#8217;accessibilitat [&hellip;]<\/p>\n","protected":false},"author":4,"featured_media":0,"parent":0,"menu_order":0,"comment_status":"closed","ping_status":"closed","template":"","meta":{"footnotes":""},"class_list":["post-6694","page","type-page","status-publish","hentry"],"yoast_head":"<!-- This site is optimized with the Yoast SEO plugin v26.4 - https:\/\/yoast.com\/wordpress\/plugins\/seo\/ -->\n<title>Declaraci\u00f3 d&#039;Accessibilitat per al Festival de la Velocidad - Festival de la Velocitat<\/title>\n<meta name=\"description\" content=\"A festivaldelavelocidad.com, estem compromesos a fer que la nostra p\u00e0gina web sigui accessible per a tothom, incloent-hi les persones amb discapacitats.\" \/>\n<meta name=\"robots\" content=\"index, follow, max-snippet:-1, max-image-preview:large, max-video-preview:-1\" \/>\n<link rel=\"canonical\" href=\"https:\/\/festivaldelavelocidad.com\/ca\/declaracio-daccessibilitat-per-al-festival-de-la-velocitat\/\" \/>\n<meta property=\"og:locale\" content=\"ca_ES\" \/>\n<meta property=\"og:type\" content=\"article\" \/>\n<meta property=\"og:title\" content=\"Declaraci\u00f3 d&#039;Accessibilitat per al Festival de la Velocidad - Festival de la Velocitat\" \/>\n<meta property=\"og:description\" content=\"A festivaldelavelocidad.com, estem compromesos a fer que la nostra p\u00e0gina web sigui accessible per a tothom, incloent-hi les persones amb discapacitats.\" \/>\n<meta property=\"og:url\" content=\"https:\/\/festivaldelavelocidad.com\/ca\/declaracio-daccessibilitat-per-al-festival-de-la-velocitat\/\" \/>\n<meta property=\"og:site_name\" content=\"Festival de la Velocitat\" \/>\n<meta property=\"article:publisher\" content=\"https:\/\/www.facebook.com\/FestivalDeLaVelocidadDeBarcelona\" \/>\n<meta property=\"article:modified_time\" content=\"2026-03-07T14:47:30+00:00\" \/>\n<meta property=\"og:image\" content=\"https:\/\/festivaldelavelocidad.com\/wp-content\/uploads\/2026\/02\/2026_GTWC_SponsorsStrip_OFFICIAL_POS-scaled.png\" \/>\n\t<meta property=\"og:image:width\" content=\"2560\" \/>\n\t<meta property=\"og:image:height\" content=\"154\" \/>\n\t<meta property=\"og:image:type\" content=\"image\/png\" \/>\n<meta name=\"twitter:card\" content=\"summary_large_image\" \/>\n<meta name=\"twitter:site\" content=\"@FVelocidadBcn\" \/>\n<script type=\"application\/ld+json\" class=\"yoast-schema-graph\">{\"@context\":\"https:\/\/schema.org\",\"@graph\":[{\"@type\":\"WebPage\",\"@id\":\"https:\/\/festivaldelavelocidad.com\/ca\/declaracio-daccessibilitat-per-al-festival-de-la-velocitat\/\",\"url\":\"https:\/\/festivaldelavelocidad.com\/ca\/declaracio-daccessibilitat-per-al-festival-de-la-velocitat\/\",\"name\":\"Declaraci\u00f3 d'Accessibilitat per al Festival de la Velocidad - Festival de la Velocitat\",\"isPartOf\":{\"@id\":\"https:\/\/festivaldelavelocidad.com\/ca\/#website\"},\"primaryImageOfPage\":{\"@id\":\"https:\/\/festivaldelavelocidad.com\/ca\/declaracio-daccessibilitat-per-al-festival-de-la-velocitat\/#primaryimage\"},\"image\":{\"@id\":\"https:\/\/festivaldelavelocidad.com\/ca\/declaracio-daccessibilitat-per-al-festival-de-la-velocitat\/#primaryimage\"},\"thumbnailUrl\":\"https:\/\/festivaldelavelocidad.com\/wp-content\/uploads\/2026\/02\/2026_GTWC_SponsorsStrip_OFFICIAL_POS-1024x62.png\",\"datePublished\":\"2023-12-12T11:23:22+00:00\",\"dateModified\":\"2026-03-07T14:47:30+00:00\",\"description\":\"A festivaldelavelocidad.com, estem compromesos a fer que la nostra p\u00e0gina web sigui accessible per a tothom, incloent-hi les persones amb discapacitats.\",\"breadcrumb\":{\"@id\":\"https:\/\/festivaldelavelocidad.com\/ca\/declaracio-daccessibilitat-per-al-festival-de-la-velocitat\/#breadcrumb\"},\"inLanguage\":\"ca\",\"potentialAction\":[{\"@type\":\"ReadAction\",\"target\":[\"https:\/\/festivaldelavelocidad.com\/ca\/declaracio-daccessibilitat-per-al-festival-de-la-velocitat\/\"]}]},{\"@type\":\"ImageObject\",\"inLanguage\":\"ca\",\"@id\":\"https:\/\/festivaldelavelocidad.com\/ca\/declaracio-daccessibilitat-per-al-festival-de-la-velocitat\/#primaryimage\",\"url\":\"https:\/\/festivaldelavelocidad.com\/wp-content\/uploads\/2026\/02\/2026_GTWC_SponsorsStrip_OFFICIAL_POS-1024x62.png\",\"contentUrl\":\"https:\/\/festivaldelavelocidad.com\/wp-content\/uploads\/2026\/02\/2026_GTWC_SponsorsStrip_OFFICIAL_POS-1024x62.png\"},{\"@type\":\"BreadcrumbList\",\"@id\":\"https:\/\/festivaldelavelocidad.com\/ca\/declaracio-daccessibilitat-per-al-festival-de-la-velocitat\/#breadcrumb\",\"itemListElement\":[{\"@type\":\"ListItem\",\"position\":1,\"name\":\"Portada\",\"item\":\"https:\/\/festivaldelavelocidad.com\/ca\/\"},{\"@type\":\"ListItem\",\"position\":2,\"name\":\"Declaraci\u00f3 d&#8217;Accessibilitat per al Festival de la Velocidad\"}]},{\"@type\":\"WebSite\",\"@id\":\"https:\/\/festivaldelavelocidad.com\/ca\/#website\",\"url\":\"https:\/\/festivaldelavelocidad.com\/ca\/\",\"name\":\"Festival de la Velocidad de Barcelona\",\"description\":\"Benvingut al Festival de la Velocitat de Barcelona. Curses GT, cars exclusius, exhibicions, proves d'acceleraci\u00f3 i molt m\u00e9s. Arranquem motors!\",\"publisher\":{\"@id\":\"https:\/\/festivaldelavelocidad.com\/ca\/#organization\"},\"alternateName\":\"Festival de la Velocidad\",\"potentialAction\":[{\"@type\":\"SearchAction\",\"target\":{\"@type\":\"EntryPoint\",\"urlTemplate\":\"https:\/\/festivaldelavelocidad.com\/ca\/?s={search_term_string}\"},\"query-input\":{\"@type\":\"PropertyValueSpecification\",\"valueRequired\":true,\"valueName\":\"search_term_string\"}}],\"inLanguage\":\"ca\"},{\"@type\":\"Organization\",\"@id\":\"https:\/\/festivaldelavelocidad.com\/ca\/#organization\",\"name\":\"Festival de la Velocitat de Barcelona\",\"alternateName\":\"Festival de la Velocidad\",\"url\":\"https:\/\/festivaldelavelocidad.com\/ca\/\",\"logo\":{\"@type\":\"ImageObject\",\"inLanguage\":\"ca\",\"@id\":\"https:\/\/festivaldelavelocidad.com\/ca\/#\/schema\/logo\/image\/\",\"url\":\"https:\/\/festivaldelavelocidad.com\/wp-content\/uploads\/2025\/06\/favicon.jpg\",\"contentUrl\":\"https:\/\/festivaldelavelocidad.com\/wp-content\/uploads\/2025\/06\/favicon.jpg\",\"width\":500,\"height\":500,\"caption\":\"Festival de la Velocitat de Barcelona\"},\"image\":{\"@id\":\"https:\/\/festivaldelavelocidad.com\/ca\/#\/schema\/logo\/image\/\"},\"sameAs\":[\"https:\/\/www.facebook.com\/FestivalDeLaVelocidadDeBarcelona\",\"https:\/\/x.com\/FVelocidadBcn\",\"https:\/\/www.instagram.com\/festivaldelavelocidadbarcelona\/\",\"https:\/\/www.youtube.com\/channel\/UCcV4SSJZIDvC7r4_Lw_iR_w\",\"https:\/\/www.flickr.com\/photos\/182288549@N06\/albums\"]}]}<\/script>\n<!-- \/ Yoast SEO plugin. -->","yoast_head_json":{"title":"Declaraci\u00f3 d'Accessibilitat per al Festival de la Velocidad - Festival de la Velocitat","description":"A festivaldelavelocidad.com, estem compromesos a fer que la nostra p\u00e0gina web sigui accessible per a tothom, incloent-hi les persones amb discapacitats.","robots":{"index":"index","follow":"follow","max-snippet":"max-snippet:-1","max-image-preview":"max-image-preview:large","max-video-preview":"max-video-preview:-1"},"canonical":"https:\/\/festivaldelavelocidad.com\/ca\/declaracio-daccessibilitat-per-al-festival-de-la-velocitat\/","og_locale":"ca_ES","og_type":"article","og_title":"Declaraci\u00f3 d'Accessibilitat per al Festival de la Velocidad - Festival de la Velocitat","og_description":"A festivaldelavelocidad.com, estem compromesos a fer que la nostra p\u00e0gina web sigui accessible per a tothom, incloent-hi les persones amb discapacitats.","og_url":"https:\/\/festivaldelavelocidad.com\/ca\/declaracio-daccessibilitat-per-al-festival-de-la-velocitat\/","og_site_name":"Festival de la Velocitat","article_publisher":"https:\/\/www.facebook.com\/FestivalDeLaVelocidadDeBarcelona","article_modified_time":"2026-03-07T14:47:30+00:00","og_image":[{"width":2560,"height":154,"url":"https:\/\/festivaldelavelocidad.com\/wp-content\/uploads\/2026\/02\/2026_GTWC_SponsorsStrip_OFFICIAL_POS-scaled.png","type":"image\/png"}],"twitter_card":"summary_large_image","twitter_site":"@FVelocidadBcn","schema":{"@context":"https:\/\/schema.org","@graph":[{"@type":"WebPage","@id":"https:\/\/festivaldelavelocidad.com\/ca\/declaracio-daccessibilitat-per-al-festival-de-la-velocitat\/","url":"https:\/\/festivaldelavelocidad.com\/ca\/declaracio-daccessibilitat-per-al-festival-de-la-velocitat\/","name":"Declaraci\u00f3 d'Accessibilitat per al Festival de la Velocidad - Festival de la Velocitat","isPartOf":{"@id":"https:\/\/festivaldelavelocidad.com\/ca\/#website"},"primaryImageOfPage":{"@id":"https:\/\/festivaldelavelocidad.com\/ca\/declaracio-daccessibilitat-per-al-festival-de-la-velocitat\/#primaryimage"},"image":{"@id":"https:\/\/festivaldelavelocidad.com\/ca\/declaracio-daccessibilitat-per-al-festival-de-la-velocitat\/#primaryimage"},"thumbnailUrl":"https:\/\/festivaldelavelocidad.com\/wp-content\/uploads\/2026\/02\/2026_GTWC_SponsorsStrip_OFFICIAL_POS-1024x62.png","datePublished":"2023-12-12T11:23:22+00:00","dateModified":"2026-03-07T14:47:30+00:00","description":"A festivaldelavelocidad.com, estem compromesos a fer que la nostra p\u00e0gina web sigui accessible per a tothom, incloent-hi les persones amb discapacitats.","breadcrumb":{"@id":"https:\/\/festivaldelavelocidad.com\/ca\/declaracio-daccessibilitat-per-al-festival-de-la-velocitat\/#breadcrumb"},"inLanguage":"ca","potentialAction":[{"@type":"ReadAction","target":["https:\/\/festivaldelavelocidad.com\/ca\/declaracio-daccessibilitat-per-al-festival-de-la-velocitat\/"]}]},{"@type":"ImageObject","inLanguage":"ca","@id":"https:\/\/festivaldelavelocidad.com\/ca\/declaracio-daccessibilitat-per-al-festival-de-la-velocitat\/#primaryimage","url":"https:\/\/festivaldelavelocidad.com\/wp-content\/uploads\/2026\/02\/2026_GTWC_SponsorsStrip_OFFICIAL_POS-1024x62.png","contentUrl":"https:\/\/festivaldelavelocidad.com\/wp-content\/uploads\/2026\/02\/2026_GTWC_SponsorsStrip_OFFICIAL_POS-1024x62.png"},{"@type":"BreadcrumbList","@id":"https:\/\/festivaldelavelocidad.com\/ca\/declaracio-daccessibilitat-per-al-festival-de-la-velocitat\/#breadcrumb","itemListElement":[{"@type":"ListItem","position":1,"name":"Portada","item":"https:\/\/festivaldelavelocidad.com\/ca\/"},{"@type":"ListItem","position":2,"name":"Declaraci\u00f3 d&#8217;Accessibilitat per al Festival de la Velocidad"}]},{"@type":"WebSite","@id":"https:\/\/festivaldelavelocidad.com\/ca\/#website","url":"https:\/\/festivaldelavelocidad.com\/ca\/","name":"Festival de la Velocidad de Barcelona","description":"Benvingut al Festival de la Velocitat de Barcelona. Curses GT, cars exclusius, exhibicions, proves d'acceleraci\u00f3 i molt m\u00e9s. Arranquem motors!","publisher":{"@id":"https:\/\/festivaldelavelocidad.com\/ca\/#organization"},"alternateName":"Festival de la Velocidad","potentialAction":[{"@type":"SearchAction","target":{"@type":"EntryPoint","urlTemplate":"https:\/\/festivaldelavelocidad.com\/ca\/?s={search_term_string}"},"query-input":{"@type":"PropertyValueSpecification","valueRequired":true,"valueName":"search_term_string"}}],"inLanguage":"ca"},{"@type":"Organization","@id":"https:\/\/festivaldelavelocidad.com\/ca\/#organization","name":"Festival de la Velocitat de Barcelona","alternateName":"Festival de la Velocidad","url":"https:\/\/festivaldelavelocidad.com\/ca\/","logo":{"@type":"ImageObject","inLanguage":"ca","@id":"https:\/\/festivaldelavelocidad.com\/ca\/#\/schema\/logo\/image\/","url":"https:\/\/festivaldelavelocidad.com\/wp-content\/uploads\/2025\/06\/favicon.jpg","contentUrl":"https:\/\/festivaldelavelocidad.com\/wp-content\/uploads\/2025\/06\/favicon.jpg","width":500,"height":500,"caption":"Festival de la Velocitat de Barcelona"},"image":{"@id":"https:\/\/festivaldelavelocidad.com\/ca\/#\/schema\/logo\/image\/"},"sameAs":["https:\/\/www.facebook.com\/FestivalDeLaVelocidadDeBarcelona","https:\/\/x.com\/FVelocidadBcn","https:\/\/www.instagram.com\/festivaldelavelocidadbarcelona\/","https:\/\/www.youtube.com\/channel\/UCcV4SSJZIDvC7r4_Lw_iR_w","https:\/\/www.flickr.com\/photos\/182288549@N06\/albums"]}]}},"_links":{"self":[{"href":"https:\/\/festivaldelavelocidad.com\/ca\/wp-json\/wp\/v2\/pages\/6694","targetHints":{"allow":["GET"]}}],"collection":[{"href":"https:\/\/festivaldelavelocidad.com\/ca\/wp-json\/wp\/v2\/pages"}],"about":[{"href":"https:\/\/festivaldelavelocidad.com\/ca\/wp-json\/wp\/v2\/types\/page"}],"author":[{"embeddable":true,"href":"https:\/\/festivaldelavelocidad.com\/ca\/wp-json\/wp\/v2\/users\/4"}],"replies":[{"embeddable":true,"href":"https:\/\/festivaldelavelocidad.com\/ca\/wp-json\/wp\/v2\/comments?post=6694"}],"version-history":[{"count":6,"href":"https:\/\/festivaldelavelocidad.com\/ca\/wp-json\/wp\/v2\/pages\/6694\/revisions"}],"predecessor-version":[{"id":10067,"href":"https:\/\/festivaldelavelocidad.com\/ca\/wp-json\/wp\/v2\/pages\/6694\/revisions\/10067"}],"wp:attachment":[{"href":"https:\/\/festivaldelavelocidad.com\/ca\/wp-json\/wp\/v2\/media?parent=6694"}],"curies":[{"name":"wp","href":"https:\/\/api.w.org\/{rel}","templated":true}]}}